{"id":604,"date":"2014-06-07T10:20:00","date_gmt":"2014-06-07T08:20:00","guid":{"rendered":"http:\/\/www.bruckner-online.at\/about-us-2-2-2-2-2-4\/"},"modified":"2024-05-18T17:12:08","modified_gmt":"2024-05-18T15:12:08","slug":"impressum","status":"publish","type":"page","link":"http:\/\/www.bruckner-online.at\/?page_id=604","title":{"rendered":"Impressum"},"content":{"rendered":"<div class=\"row gutter k-equal-height\">\n<div class=\"col-lg-8 col-md-8 col-sm-8 col-xs-12\">\n<p><strong>Bildnachweis:<\/strong><\/p>\n<p>Werk-Datenbank (Karteik\u00e4sten): Dreamstime LLC, 1616 Westgate Circle, Brentwood, TN 37027, United States.<br \/>\nBibliotheksaal und Klosterinnenhof St. Florian:\u00a0Augustiner Chorherrenstift St. Florian.<br \/>\nAlte Ansicht der Universit\u00e4t Wien (um 1900): Library of Congress, 101 Independence Ave, SE, Washington, DC 20540, Signatur: <a href=\"http:\/\/hdl.loc.gov\/loc.pnp\/ppmsc.09214\" target=\"_blank\" rel=\"noopener noreferrer\">LC-DIG-ppmsc-09214<\/a>.<br \/>\nKarikatur Bruckner mit Kritikern: Historisches Museum der Stadt Wien, Signatur: I.N. 77.595\/9.<br \/>\nVerschiedene Bildausschnitte mit A. Bruckner als Motiv: Bildarchiv der \u00d6sterreichischen Nationalbibliothek.<\/p>\n<p><strong>Impressum und Offenlegung nach \u00a7\u00a7 24, 25 MedienG sowie Angaben nach \u00a7 5 ECG:<\/strong><\/p>\n<p><strong>Medieninhaber:<\/strong><\/p>\n<p>\u00d6sterreichische Akademie der Wissenschaften<br \/>\nJuristische Person \u00f6ffentlichen Rechts (BGBl 569\/1921 idF BGBl I 130\/2003)<br \/>\nDr. Ignaz Seipel-Platz 2, 1010 Wien, \u00d6sterreich<br \/>\nTel: +43\/[0]1\/51581-0<br \/>\nDVR 0096385<\/p>\n<p style=\"text-align: justify;\">Verantwortlich f\u00fcr die Website \u201ebruckner-online.at\u201c: Abteilung Musikwissenschaft (ACDH-CH), <a href=\"http:\/\/www.oeaw.ac.at\/ikm\/das-institut\/mitarbeiterinnen-mitarbeiter\/musikwissenschaft\/robert-klugseder\/\" target=\"_blank\" rel=\"noopener noreferrer\">Doz. Dr. Robert Klugseder<\/a>. F\u00fcr das &#8220;Anton Bruckner Lexikon online&#8221;: <a href=\"http:\/\/www.oeaw.ac.at\/ikm\/das-institut\/mitarbeiterinnen-mitarbeiter\/musikwissenschaft\/christian-k-fastl\/\" target=\"_blank\" rel=\"noopener noreferrer\">Mag. Dr. Christian K. Fastl<\/a>.<\/p>\n<p style=\"text-align: justify;\"><strong>Unternehmensgegenstand:<\/strong><\/p>\n<p style=\"text-align: justify;\">Die \u00d6sterreichische Akademie der Wissenschaften hat den gesetzlichen Auftrag die Wissenschaft in jeder Hinsicht zu f\u00f6rdern. Als Gelehrtengesellschaft pflegt die \u00d6AW den Diskurs und die Zusammenarbeit der Wissenschaft mit \u00d6ffentlichkeit, Politik und Wirtschaft. Als gr\u00f6\u00dfte Einrichtung au\u00dferuniversit\u00e4rer Grundlagenforschung des Landes betreibt die \u00d6AW an ihren 28 Instituten anwendungsoffene Grundlagenforschung auf h\u00f6chstem internationalem Niveau.<\/p>\n<p><strong>Vertretungsbefugte Organe:<br \/>\n<\/strong>Pr\u00e4sident: Univ.-Prof. Dr. phil. Heinz Fa\u00dfmann<br \/>\nVizepr\u00e4sidentin: Univ.-Prof. DI Dr. techn. Ulrike Diebold<br \/>\nKlassenpr\u00e4sidentin: Univ.-Prof. Dr. iur. Christiane Wendehorst LL.M. (CANTAB.)<br \/>\nKlassenpr\u00e4sident: Prof. Dr. Wolfgang Baumjohann<br \/>\nAls Aufsichtsorgan besteht der <a href=\"https:\/\/www.oeaw.ac.at\/oeaw\/gremien\/akademierat\/\" target=\"_blank\" rel=\"noopener\">Akademierat<\/a>.<\/p>\n<p style=\"text-align: justify;\"><strong>Haftungsausschluss:<\/strong><br \/>\nDie \u00d6sterreichische Akademie der Wissenschaften \u00fcbernimmt keinerlei Gew\u00e4hr f\u00fcr die Aktualit\u00e4t, Korrektheit, Vollst\u00e4ndigkeit oder Qualit\u00e4t der bereitgestellten Informationen.<br \/>\nIm Falle des Bestehens von Links auf Webseiten anderer Medieninhaber, f\u00fcr deren Inhalt die \u00d6AW weder direkt oder indirekt mitverantwortlich ist, \u00fcbernimmt die \u00d6AW keine Haftung f\u00fcr deren Inhalte und schlie\u00dft jegliche Haftung hierf\u00fcr aus.<br \/>\n<strong><br \/>\nUrheberrechtlicher Hinweis:<\/strong><br \/>\nDie durch die \u00d6AW auf diesen Seiten erstellten Inhalte und Werke unterliegen dem \u00f6sterreichischen Urheberrecht. Die Vervielf\u00e4ltigung, Bearbeitung, Verbreitung und jede Art der Verwertung au\u00dferhalb der Grenzen des Urheberrechtes bed\u00fcrfen der schriftlichen Zustimmung des jeweiligen Autors bzw. Erstellers. Downloads und Kopien dieser Seite sind nur f\u00fcr den privaten, nicht kommerziellen Gebrauch gestattet. Soweit die Inhalte auf dieser Seite nicht vom Betreiber erstellt wurden, werden die Urheberrechte Dritter beachtet. Insbesondere werden Inhalte Dritter als solche gekennzeichnet. Die Bildrechte an den Digitalisaten (Farbabbildungen) von Musikhandschriften liegen bei den Eigent\u00fcmern der originalen Quellen. Die Erstdrucke und die B\u00e4nde der \u201eAlten Bruckner-Gesamtausgabe\u201c (vor 1945 entstanden) sind urheberechtsfrei (gemeinfrei). F\u00fcr den Fall, dass Sie trotzdem auf eine Urheberrechtsverletzung aufmerksam werden, ersuchen wir um einen entsprechenden Hinweis. Bei Bekanntwerden von Rechtsverletzungen werden wir derartige Inhalte umgehend l\u00f6schen.<\/p>\n<p><strong>Creativ Commons Licence (meta data without images)<\/strong><br \/>\nCC BY-NC 4.023 (https:\/\/creativecommons.org\/licenses\/by-nc\/4.0\/)<\/p>\n<p style=\"text-align: justify;\"><strong>Datenschutzrechtlicher Hinweis<\/strong>:<\/p>\n<p>Datenschutzerkl\u00e4rung der \u00d6AW: <a href=\"https:\/\/www.oeaw.ac.at\/oeaw\/datenschutz\" target=\"_blank\" rel=\"noopener\">https:\/\/www.oeaw.ac.at\/die-oeaw\/datenschutz\/<\/a><\/p>\n<\/div>\n<div class=\"col-lg-4 col-md-4 col-sm-4 col-xs-12\">\u00a0 <\/div>\n<\/div>\n","protected":false},"excerpt":{"rendered":"","protected":false},"author":1,"featured_media":0,"parent":0,"menu_order":0,"comment_status":"closed","ping_status":"closed","template":"page-fullwidth.php","meta":{"footnotes":""},"class_list":["post-604","page","type-page","status-publish","hentry"],"_links":{"self":[{"href":"http:\/\/www.bruckner-online.at\/index.php?rest_route=\/wp\/v2\/pages\/604"}],"collection":[{"href":"http:\/\/www.bruckner-online.at\/index.php?rest_route=\/wp\/v2\/pages"}],"about":[{"href":"http:\/\/www.bruckner-online.at\/index.php?rest_route=\/wp\/v2\/types\/page"}],"author":[{"embeddable":true,"href":"http:\/\/www.bruckner-online.at\/index.php?rest_route=\/wp\/v2\/users\/1"}],"replies":[{"embeddable":true,"href":"http:\/\/www.bruckner-online.at\/index.php?rest_route=%2Fwp%2Fv2%2Fcomments&post=604"}],"version-history":[{"count":25,"href":"http:\/\/www.bruckner-online.at\/index.php?rest_route=\/wp\/v2\/pages\/604\/revisions"}],"predecessor-version":[{"id":2695,"href":"http:\/\/www.bruckner-online.at\/index.php?rest_route=\/wp\/v2\/pages\/604\/revisions\/2695"}],"wp:attachment":[{"href":"http:\/\/www.bruckner-online.at\/index.php?rest_route=%2Fwp%2Fv2%2Fmedia&parent=604"}],"curies":[{"name":"wp","href":"https:\/\/api.w.org\/{rel}","templated":true}]}}